{"id":20001,"date":"2024-01-30T12:24:43","date_gmt":"2024-01-30T11:24:43","guid":{"rendered":"https:\/\/www.appartamenticostadelsole.com\/wohnungen-in-seccheto\/appartamento-timo\/"},"modified":"2024-05-08T15:55:45","modified_gmt":"2024-05-08T13:55:45","slug":"wohnung-timo","status":"publish","type":"page","link":"https:\/\/www.appartamenticostadelsole.com\/de\/wohnungen-in-seccheto\/wohnung-timo\/","title":{"rendered":"Wohnung Timo"},"content":{"rendered":"\t\t<div data-elementor-type=\"wp-page\" data-elementor-id=\"20001\" class=\"elementor elementor-20001 elementor-18688\">\n\t\t\t\t\t\t<section class=\"elementor-section elementor-top-section elementor-element elementor-element-3a084e50 elementor-section-full_width elementor-section-stretched page-title-section elementor-section-height-default elementor-section-height-default\" data-id=\"3a084e50\" data-element_type=\"section\" data-e-type=\"section\" data-settings=\"{&quot;stretch_section&quot;:&quot;section-stretched&quot;,&quot;background_background&quot;:&quot;classic&quot;}\">\n\t\t\t\t\t\t\t<div class=\"elementor-background-overlay\"><\/div>\n\t\t\t\t\t\t\t<div class=\"elementor-container elementor-column-gap-extended\">\n\t\t\t\t\t<div class=\"elementor-column elementor-col-100 elementor-top-column elementor-element elementor-element-46654944\" data-id=\"46654944\" data-element_type=\"column\" data-e-type=\"column\">\n\t\t\t<div class=\"elementor-widget-wrap elementor-element-populated\">\n\t\t\t\t\t\t<div class=\"elementor-element elementor-element-672278f9 elementor-widget elementor-widget-spacer\" data-id=\"672278f9\" data-element_type=\"widget\" data-e-type=\"widget\" data-widget_type=\"spacer.default\">\n\t\t\t\t<div class=\"elementor-widget-container\">\n\t\t\t\t\t\t\t<div class=\"elementor-spacer\">\n\t\t\t<div class=\"elementor-spacer-inner\"><\/div>\n\t\t<\/div>\n\t\t\t\t\t\t<\/div>\n\t\t\t\t<\/div>\n\t\t\t\t\t<\/div>\n\t\t<\/div>\n\t\t\t\t\t<\/div>\n\t\t<\/section>\n\t\t\t\t<section class=\"elementor-section elementor-top-section elementor-element elementor-element-5ea84fc0 elementor-section-stretched elementor-section-full_width elementor-section-height-default elementor-section-height-default\" data-id=\"5ea84fc0\" data-element_type=\"section\" data-e-type=\"section\" data-settings=\"{&quot;stretch_section&quot;:&quot;section-stretched&quot;}\">\n\t\t\t\t\t\t<div class=\"elementor-container elementor-column-gap-extended\">\n\t\t\t\t\t<div class=\"elementor-column elementor-col-100 elementor-top-column elementor-element elementor-element-7f25a5c4\" data-id=\"7f25a5c4\" data-element_type=\"column\" data-e-type=\"column\">\n\t\t\t<div class=\"elementor-widget-wrap elementor-element-populated\">\n\t\t\t\t\t\t<section class=\"elementor-section elementor-inner-section elementor-element elementor-element-733ab98b elementor-section-content-middle elementor-section-boxed elementor-section-height-default elementor-section-height-default\" data-id=\"733ab98b\" data-element_type=\"section\" data-e-type=\"section\">\n\t\t\t\t\t\t<div class=\"elementor-container elementor-column-gap-no\">\n\t\t\t\t\t<div class=\"elementor-column elementor-col-100 elementor-inner-column elementor-element elementor-element-2edb5d0f\" data-id=\"2edb5d0f\" data-element_type=\"column\" data-e-type=\"column\">\n\t\t\t<div class=\"elementor-widget-wrap elementor-element-populated\">\n\t\t\t\t\t\t<div class=\"elementor-element elementor-element-67622572 mb-0 elementor-widget elementor-widget-text-editor\" data-id=\"67622572\" data-element_type=\"widget\" data-e-type=\"widget\" data-widget_type=\"text-editor.default\">\n\t\t\t\t<div class=\"elementor-widget-container\">\n\t\t\t\t\t\t\t\t\t<div class=\"heading-style01 mb-1-9 mb-xl-5\">\n\n<span class=\"small-text\">Wohnungen in Seccheto<\/span>\n<h2 class=\"display-5\">Wohnung Timo<\/h2>\n<\/div>\t\t\t\t\t\t\t\t<\/div>\n\t\t\t\t<\/div>\n\t\t\t\t<div class=\"elementor-element elementor-element-c8b82f6 mb-0 elementor-widget elementor-widget-text-editor\" data-id=\"c8b82f6\" data-element_type=\"widget\" data-e-type=\"widget\" data-widget_type=\"text-editor.default\">\n\t\t\t\t<div class=\"elementor-widget-container\">\n\t\t\t\t\t\t\t\t\t<p class=\"mb-4\"><strong>TIMO<\/strong> ist eine ger\u00e4umige Wohnung im ersten Stock, in der 5 Personen Platz haben. Sie besteht aus einem Wohnzimmer mit Schlafcouch, K\u00fcche mit einer kleinen Veranda, Schlafzimmer mit Doppelbett, Schlafzimmer mit zwei Einzelbetten, Abstellraum, Bad mit Dusche. Die Wohnung verf\u00fcgt \u00fcber eine panorama-Terrasse mit Tisch und St\u00fchlenund ein kleines Tor.<\/p>\n<p class=\"mb-0\">Zu dieser Wohnung geh\u00f6rt auch ein privater Parkplatz auf dem Grundst\u00fcck, TV, gemeinsame Nutzung der Waschmaschine, Grill. Die G\u00e4ste k\u00f6nnen auch ein Waschbecken und Dusche au\u00dferhalb nutzen.<\/p>\t\t\t\t\t\t\t\t<\/div>\n\t\t\t\t<\/div>\n\t\t\t\t\t<\/div>\n\t\t<\/div>\n\t\t\t\t\t<\/div>\n\t\t<\/section>\n\t\t\t\t\t<\/div>\n\t\t<\/div>\n\t\t\t\t\t<\/div>\n\t\t<\/section>\n\t\t\t\t<section class=\"elementor-section elementor-top-section elementor-element elementor-element-358ef33c elementor-section-stretched elementor-section-full_width elementor-section-height-default elementor-section-height-default\" data-id=\"358ef33c\" data-element_type=\"section\" data-e-type=\"section\" data-settings=\"{&quot;stretch_section&quot;:&quot;section-stretched&quot;,&quot;background_background&quot;:&quot;classic&quot;}\">\n\t\t\t\t\t\t<div class=\"elementor-container elementor-column-gap-extended\">\n\t\t\t\t\t<div class=\"elementor-column elementor-col-100 elementor-top-column elementor-element elementor-element-4ae411a2\" data-id=\"4ae411a2\" data-element_type=\"column\" data-e-type=\"column\">\n\t\t\t<div class=\"elementor-widget-wrap elementor-element-populated\">\n\t\t\t\t\t\t<section class=\"elementor-section elementor-inner-section elementor-element elementor-element-46c98cc0 elementor-section-content-middle elementor-section-boxed elementor-section-height-default elementor-section-height-default\" data-id=\"46c98cc0\" data-element_type=\"section\" data-e-type=\"section\">\n\t\t\t\t\t\t<div class=\"elementor-container elementor-column-gap-no\">\n\t\t\t\t\t<div class=\"elementor-column elementor-col-100 elementor-inner-column elementor-element elementor-element-29c03786\" data-id=\"29c03786\" data-element_type=\"column\" data-e-type=\"column\">\n\t\t\t<div class=\"elementor-widget-wrap elementor-element-populated\">\n\t\t\t\t\t\t<div class=\"elementor-element elementor-element-e5cc25a elementor-arrows-position-outside elementor-widget elementor-widget-image-carousel\" data-id=\"e5cc25a\" data-element_type=\"widget\" data-e-type=\"widget\" data-settings=\"{&quot;slides_to_show&quot;:&quot;4&quot;,&quot;autoplay&quot;:&quot;no&quot;,&quot;slides_to_show_tablet&quot;:&quot;3&quot;,&quot;slides_to_show_mobile&quot;:&quot;1&quot;,&quot;slides_to_scroll&quot;:&quot;1&quot;,&quot;navigation&quot;:&quot;arrows&quot;,&quot;infinite&quot;:&quot;no&quot;,&quot;image_spacing_custom&quot;:{&quot;unit&quot;:&quot;px&quot;,&quot;size&quot;:10,&quot;sizes&quot;:[]},&quot;speed&quot;:500,&quot;image_spacing_custom_widescreen&quot;:{&quot;unit&quot;:&quot;px&quot;,&quot;size&quot;:&quot;&quot;,&quot;sizes&quot;:[]},&quot;image_spacing_custom_laptop&quot;:{&quot;unit&quot;:&quot;px&quot;,&quot;size&quot;:&quot;&quot;,&quot;sizes&quot;:[]},&quot;image_spacing_custom_tablet_extra&quot;:{&quot;unit&quot;:&quot;px&quot;,&quot;size&quot;:&quot;&quot;,&quot;sizes&quot;:[]},&quot;image_spacing_custom_tablet&quot;:{&quot;unit&quot;:&quot;px&quot;,&quot;size&quot;:&quot;&quot;,&quot;sizes&quot;:[]},&quot;image_spacing_custom_mobile_extra&quot;:{&quot;unit&quot;:&quot;px&quot;,&quot;size&quot;:&quot;&quot;,&quot;sizes&quot;:[]}}\" data-widget_type=\"image-carousel.default\">\n\t\t\t\t<div class=\"elementor-widget-container\">\n\t\t\t\t\t\t\t<div class=\"elementor-image-carousel-wrapper swiper\" role=\"region\" aria-roledescription=\"carousel\" aria-label=\"Bild Karussell\" dir=\"ltr\">\n\t\t\t<div class=\"elementor-image-carousel swiper-wrapper\" aria-live=\"polite\">\n\t\t\t\t\t\t\t\t<div class=\"swiper-slide\" role=\"group\" aria-roledescription=\"slide\" aria-label=\"1 von 11\"><a data-elementor-open-lightbox=\"yes\" data-elementor-lightbox-slideshow=\"e5cc25a\" data-elementor-lightbox-title=\"Wohnung Timo\" data-e-action-hash=\"#elementor-action%3Aaction%3Dlightbox%26settings%3DeyJpZCI6MjEyODksInVybCI6Imh0dHBzOlwvXC93d3cuYXBwYXJ0YW1lbnRpY29zdGFkZWxzb2xlLmNvbVwvd3AtY29udGVudFwvdXBsb2Fkc1wvYXBwYXJ0YW1lbnRvX3RpbW9fMDkuanBnIiwic2xpZGVzaG93IjoiZTVjYzI1YSJ9\" href=\"https:\/\/www.appartamenticostadelsole.com\/wp-content\/uploads\/appartamento_timo_09.jpg\"><figure class=\"swiper-slide-inner\"><img decoding=\"async\" class=\"swiper-slide-image\" src=\"https:\/\/www.appartamenticostadelsole.com\/wp-content\/uploads\/appartamento_timo_09-300x200.jpg\" alt=\"Appartamento Timo\" \/><\/figure><\/a><\/div><div class=\"swiper-slide\" role=\"group\" aria-roledescription=\"slide\" aria-label=\"2 von 11\"><a data-elementor-open-lightbox=\"yes\" data-elementor-lightbox-slideshow=\"e5cc25a\" data-elementor-lightbox-title=\"Wohnung Timo\" data-e-action-hash=\"#elementor-action%3Aaction%3Dlightbox%26settings%3DeyJpZCI6MjEyNzcsInVybCI6Imh0dHBzOlwvXC93d3cuYXBwYXJ0YW1lbnRpY29zdGFkZWxzb2xlLmNvbVwvd3AtY29udGVudFwvdXBsb2Fkc1wvYXBwYXJ0YW1lbnRvX3RpbW9fMDUuanBnIiwic2xpZGVzaG93IjoiZTVjYzI1YSJ9\" href=\"https:\/\/www.appartamenticostadelsole.com\/wp-content\/uploads\/appartamento_timo_05.jpg\"><figure class=\"swiper-slide-inner\"><img decoding=\"async\" class=\"swiper-slide-image\" src=\"https:\/\/www.appartamenticostadelsole.com\/wp-content\/uploads\/appartamento_timo_05-300x200.jpg\" alt=\"Appartamento Timo\" \/><\/figure><\/a><\/div><div class=\"swiper-slide\" role=\"group\" aria-roledescription=\"slide\" aria-label=\"3 von 11\"><a data-elementor-open-lightbox=\"yes\" data-elementor-lightbox-slideshow=\"e5cc25a\" data-elementor-lightbox-title=\"Wohnung Timo\" data-e-action-hash=\"#elementor-action%3Aaction%3Dlightbox%26settings%3DeyJpZCI6MjEyOTUsInVybCI6Imh0dHBzOlwvXC93d3cuYXBwYXJ0YW1lbnRpY29zdGFkZWxzb2xlLmNvbVwvd3AtY29udGVudFwvdXBsb2Fkc1wvYXBwYXJ0YW1lbnRvX3RpbW9fMTEuanBnIiwic2xpZGVzaG93IjoiZTVjYzI1YSJ9\" href=\"https:\/\/www.appartamenticostadelsole.com\/wp-content\/uploads\/appartamento_timo_11.jpg\"><figure class=\"swiper-slide-inner\"><img decoding=\"async\" class=\"swiper-slide-image\" src=\"https:\/\/www.appartamenticostadelsole.com\/wp-content\/uploads\/appartamento_timo_11-300x200.jpg\" alt=\"Appartamento Timo\" \/><\/figure><\/a><\/div><div class=\"swiper-slide\" role=\"group\" aria-roledescription=\"slide\" aria-label=\"4 von 11\"><a data-elementor-open-lightbox=\"yes\" data-elementor-lightbox-slideshow=\"e5cc25a\" data-elementor-lightbox-title=\"Wohnung Timo\" data-e-action-hash=\"#elementor-action%3Aaction%3Dlightbox%26settings%3DeyJpZCI6MjEyOTIsInVybCI6Imh0dHBzOlwvXC93d3cuYXBwYXJ0YW1lbnRpY29zdGFkZWxzb2xlLmNvbVwvd3AtY29udGVudFwvdXBsb2Fkc1wvYXBwYXJ0YW1lbnRvX3RpbW9fMTAuanBnIiwic2xpZGVzaG93IjoiZTVjYzI1YSJ9\" href=\"https:\/\/www.appartamenticostadelsole.com\/wp-content\/uploads\/appartamento_timo_10.jpg\"><figure class=\"swiper-slide-inner\"><img decoding=\"async\" class=\"swiper-slide-image\" src=\"https:\/\/www.appartamenticostadelsole.com\/wp-content\/uploads\/appartamento_timo_10-300x200.jpg\" alt=\"Appartamento Timo\" \/><\/figure><\/a><\/div><div class=\"swiper-slide\" role=\"group\" aria-roledescription=\"slide\" aria-label=\"5 von 11\"><a data-elementor-open-lightbox=\"yes\" data-elementor-lightbox-slideshow=\"e5cc25a\" data-elementor-lightbox-title=\"Wohnung Timo\" data-e-action-hash=\"#elementor-action%3Aaction%3Dlightbox%26settings%3DeyJpZCI6MjEyODAsInVybCI6Imh0dHBzOlwvXC93d3cuYXBwYXJ0YW1lbnRpY29zdGFkZWxzb2xlLmNvbVwvd3AtY29udGVudFwvdXBsb2Fkc1wvYXBwYXJ0YW1lbnRvX3RpbW9fMDYuanBnIiwic2xpZGVzaG93IjoiZTVjYzI1YSJ9\" href=\"https:\/\/www.appartamenticostadelsole.com\/wp-content\/uploads\/appartamento_timo_06.jpg\"><figure class=\"swiper-slide-inner\"><img decoding=\"async\" class=\"swiper-slide-image\" src=\"https:\/\/www.appartamenticostadelsole.com\/wp-content\/uploads\/appartamento_timo_06-300x200.jpg\" alt=\"Appartamento Timo\" \/><\/figure><\/a><\/div><div class=\"swiper-slide\" role=\"group\" aria-roledescription=\"slide\" aria-label=\"6 von 11\"><a data-elementor-open-lightbox=\"yes\" data-elementor-lightbox-slideshow=\"e5cc25a\" data-elementor-lightbox-title=\"Wohnung Timo\" data-e-action-hash=\"#elementor-action%3Aaction%3Dlightbox%26settings%3DeyJpZCI6MjEyODYsInVybCI6Imh0dHBzOlwvXC93d3cuYXBwYXJ0YW1lbnRpY29zdGFkZWxzb2xlLmNvbVwvd3AtY29udGVudFwvdXBsb2Fkc1wvYXBwYXJ0YW1lbnRvX3RpbW9fMDguanBnIiwic2xpZGVzaG93IjoiZTVjYzI1YSJ9\" href=\"https:\/\/www.appartamenticostadelsole.com\/wp-content\/uploads\/appartamento_timo_08.jpg\"><figure class=\"swiper-slide-inner\"><img decoding=\"async\" class=\"swiper-slide-image\" src=\"https:\/\/www.appartamenticostadelsole.com\/wp-content\/uploads\/appartamento_timo_08-300x200.jpg\" alt=\"Appartamento Timo\" \/><\/figure><\/a><\/div><div class=\"swiper-slide\" role=\"group\" aria-roledescription=\"slide\" aria-label=\"7 von 11\"><a data-elementor-open-lightbox=\"yes\" data-elementor-lightbox-slideshow=\"e5cc25a\" data-elementor-lightbox-title=\"Wohnung Timo\" data-e-action-hash=\"#elementor-action%3Aaction%3Dlightbox%26settings%3DeyJpZCI6MjEyODMsInVybCI6Imh0dHBzOlwvXC93d3cuYXBwYXJ0YW1lbnRpY29zdGFkZWxzb2xlLmNvbVwvd3AtY29udGVudFwvdXBsb2Fkc1wvYXBwYXJ0YW1lbnRvX3RpbW9fMDcuanBnIiwic2xpZGVzaG93IjoiZTVjYzI1YSJ9\" href=\"https:\/\/www.appartamenticostadelsole.com\/wp-content\/uploads\/appartamento_timo_07.jpg\"><figure class=\"swiper-slide-inner\"><img decoding=\"async\" class=\"swiper-slide-image\" src=\"https:\/\/www.appartamenticostadelsole.com\/wp-content\/uploads\/appartamento_timo_07-300x200.jpg\" alt=\"Appartamento Timo\" \/><\/figure><\/a><\/div><div class=\"swiper-slide\" role=\"group\" aria-roledescription=\"slide\" aria-label=\"8 von 11\"><a data-elementor-open-lightbox=\"yes\" data-elementor-lightbox-slideshow=\"e5cc25a\" data-elementor-lightbox-title=\"Wohnung Timo\" data-e-action-hash=\"#elementor-action%3Aaction%3Dlightbox%26settings%3DeyJpZCI6MjEyNzEsInVybCI6Imh0dHBzOlwvXC93d3cuYXBwYXJ0YW1lbnRpY29zdGFkZWxzb2xlLmNvbVwvd3AtY29udGVudFwvdXBsb2Fkc1wvYXBwYXJ0YW1lbnRvX3RpbW9fMDMuanBnIiwic2xpZGVzaG93IjoiZTVjYzI1YSJ9\" href=\"https:\/\/www.appartamenticostadelsole.com\/wp-content\/uploads\/appartamento_timo_03.jpg\"><figure class=\"swiper-slide-inner\"><img decoding=\"async\" class=\"swiper-slide-image\" src=\"https:\/\/www.appartamenticostadelsole.com\/wp-content\/uploads\/appartamento_timo_03-300x200.jpg\" alt=\"Appartamento Timo\" \/><\/figure><\/a><\/div><div class=\"swiper-slide\" role=\"group\" aria-roledescription=\"slide\" aria-label=\"9 von 11\"><a data-elementor-open-lightbox=\"yes\" data-elementor-lightbox-slideshow=\"e5cc25a\" data-elementor-lightbox-title=\"Wohnung Timo\" data-e-action-hash=\"#elementor-action%3Aaction%3Dlightbox%26settings%3DeyJpZCI6MjEyNjgsInVybCI6Imh0dHBzOlwvXC93d3cuYXBwYXJ0YW1lbnRpY29zdGFkZWxzb2xlLmNvbVwvd3AtY29udGVudFwvdXBsb2Fkc1wvYXBwYXJ0YW1lbnRvX3RpbW9fMDIuanBnIiwic2xpZGVzaG93IjoiZTVjYzI1YSJ9\" href=\"https:\/\/www.appartamenticostadelsole.com\/wp-content\/uploads\/appartamento_timo_02.jpg\"><figure class=\"swiper-slide-inner\"><img decoding=\"async\" class=\"swiper-slide-image\" src=\"https:\/\/www.appartamenticostadelsole.com\/wp-content\/uploads\/appartamento_timo_02-300x200.jpg\" alt=\"Appartamento Timo\" \/><\/figure><\/a><\/div><div class=\"swiper-slide\" role=\"group\" aria-roledescription=\"slide\" aria-label=\"10 von 11\"><a data-elementor-open-lightbox=\"yes\" data-elementor-lightbox-slideshow=\"e5cc25a\" data-elementor-lightbox-title=\"Wohnung Timo\" data-e-action-hash=\"#elementor-action%3Aaction%3Dlightbox%26settings%3DeyJpZCI6MjEyNzQsInVybCI6Imh0dHBzOlwvXC93d3cuYXBwYXJ0YW1lbnRpY29zdGFkZWxzb2xlLmNvbVwvd3AtY29udGVudFwvdXBsb2Fkc1wvYXBwYXJ0YW1lbnRvX3RpbW9fMDQuanBnIiwic2xpZGVzaG93IjoiZTVjYzI1YSJ9\" href=\"https:\/\/www.appartamenticostadelsole.com\/wp-content\/uploads\/appartamento_timo_04.jpg\"><figure class=\"swiper-slide-inner\"><img decoding=\"async\" class=\"swiper-slide-image\" src=\"https:\/\/www.appartamenticostadelsole.com\/wp-content\/uploads\/appartamento_timo_04-300x200.jpg\" alt=\"Appartamento Timo\" \/><\/figure><\/a><\/div><div class=\"swiper-slide\" role=\"group\" aria-roledescription=\"slide\" aria-label=\"11 von 11\"><a data-elementor-open-lightbox=\"yes\" data-elementor-lightbox-slideshow=\"e5cc25a\" data-elementor-lightbox-title=\"Wohnung Timo\" data-e-action-hash=\"#elementor-action%3Aaction%3Dlightbox%26settings%3DeyJpZCI6MjEyNjUsInVybCI6Imh0dHBzOlwvXC93d3cuYXBwYXJ0YW1lbnRpY29zdGFkZWxzb2xlLmNvbVwvd3AtY29udGVudFwvdXBsb2Fkc1wvYXBwYXJ0YW1lbnRvX3RpbW9fMDEuanBnIiwic2xpZGVzaG93IjoiZTVjYzI1YSJ9\" href=\"https:\/\/www.appartamenticostadelsole.com\/wp-content\/uploads\/appartamento_timo_01.jpg\"><figure class=\"swiper-slide-inner\"><img decoding=\"async\" class=\"swiper-slide-image\" src=\"https:\/\/www.appartamenticostadelsole.com\/wp-content\/uploads\/appartamento_timo_01-300x200.jpg\" alt=\"Appartamento Timo\" \/><\/figure><\/a><\/div>\t\t\t<\/div>\n\t\t\t\t\t\t\t\t\t\t\t\t<div class=\"elementor-swiper-button elementor-swiper-button-prev\" role=\"button\" tabindex=\"0\">\n\t\t\t\t\t\t<svg aria-hidden=\"true\" class=\"e-font-icon-svg e-eicon-chevron-left\" viewBox=\"0 0 1000 1000\" xmlns=\"http:\/\/www.w3.org\/2000\/svg\"><path d=\"M646 125C629 125 613 133 604 142L308 442C296 454 292 471 292 487 292 504 296 521 308 533L604 854C617 867 629 875 646 875 663 875 679 871 692 858 704 846 713 829 713 812 713 796 708 779 692 767L438 487 692 225C700 217 708 204 708 187 708 171 704 154 692 142 675 129 663 125 646 125Z\"><\/path><\/svg>\t\t\t\t\t<\/div>\n\t\t\t\t\t<div class=\"elementor-swiper-button elementor-swiper-button-next\" role=\"button\" tabindex=\"0\">\n\t\t\t\t\t\t<svg aria-hidden=\"true\" class=\"e-font-icon-svg e-eicon-chevron-right\" viewBox=\"0 0 1000 1000\" xmlns=\"http:\/\/www.w3.org\/2000\/svg\"><path d=\"M696 533C708 521 713 504 713 487 713 471 708 454 696 446L400 146C388 133 375 125 354 125 338 125 325 129 313 142 300 154 292 171 292 187 292 204 296 221 308 233L563 492 304 771C292 783 288 800 288 817 288 833 296 850 308 863 321 871 338 875 354 875 371 875 388 867 400 854L696 533Z\"><\/path><\/svg>\t\t\t\t\t<\/div>\n\t\t\t\t\n\t\t\t\t\t\t\t\t\t<\/div>\n\t\t\t\t\t\t<\/div>\n\t\t\t\t<\/div>\n\t\t\t\t\t<\/div>\n\t\t<\/div>\n\t\t\t\t\t<\/div>\n\t\t<\/section>\n\t\t\t\t\t<\/div>\n\t\t<\/div>\n\t\t\t\t\t<\/div>\n\t\t<\/section>\n\t\t\t\t<\/div>\n\t\t","protected":false},"excerpt":{"rendered":"<p>Wohnungen in Seccheto Wohnung Timo TIMO ist eine ger\u00e4umige Wohnung im ersten Stock, in der 5 Personen Platz haben. Sie besteht aus einem Wohnzimmer mit Schlafcouch, K\u00fcche mit einer kleinen Veranda, Schlafzimmer mit Doppelbett, Schlafzimmer mit zwei Einzelbetten, Abstellraum, Bad mit Dusche. Die Wohnung verf\u00fcgt \u00fcber eine panorama-Terrasse mit Tisch und St\u00fchlenund ein kleines Tor. [&hellip;]<\/p>\n","protected":false},"author":1,"featured_media":0,"parent":19994,"menu_order":1,"comment_status":"closed","ping_status":"closed","template":"page-templates\/home.php","meta":{"_joinchat":[],"footnotes":""},"class_list":["post-20001","page","type-page","status-publish","hentry"],"yoast_head":"<!-- This site is optimized with the Yoast SEO plugin v27.4 - https:\/\/yoast.com\/product\/yoast-seo-wordpress\/ -->\n<title>Wohnung Timo - Ferienwohnungen Costa del Sole, Insel Elba<\/title>\n<meta name=\"robots\" content=\"index, follow, max-snippet:-1, max-image-preview:large, max-video-preview:-1\" \/>\n<link rel=\"canonical\" href=\"https:\/\/www.appartamenticostadelsole.com\/de\/wohnungen-in-seccheto\/wohnung-timo\/\" \/>\n<meta property=\"og:locale\" content=\"de_DE\" \/>\n<meta property=\"og:type\" content=\"article\" \/>\n<meta property=\"og:title\" content=\"Wohnung Timo - Ferienwohnungen Costa del Sole, Insel Elba\" \/>\n<meta property=\"og:description\" content=\"Wohnungen in Seccheto Wohnung Timo TIMO ist eine ger\u00e4umige Wohnung im ersten Stock, in der 5 Personen Platz haben. Sie besteht aus einem Wohnzimmer mit Schlafcouch, K\u00fcche mit einer kleinen Veranda, Schlafzimmer mit Doppelbett, Schlafzimmer mit zwei Einzelbetten, Abstellraum, Bad mit Dusche. Die Wohnung verf\u00fcgt \u00fcber eine panorama-Terrasse mit Tisch und St\u00fchlenund ein kleines Tor. [&hellip;]\" \/>\n<meta property=\"og:url\" content=\"https:\/\/www.appartamenticostadelsole.com\/de\/wohnungen-in-seccheto\/wohnung-timo\/\" \/>\n<meta property=\"og:site_name\" content=\"Ferienwohnungen Costa del Sole\" \/>\n<meta property=\"article:modified_time\" content=\"2024-05-08T13:55:45+00:00\" \/>\n<meta property=\"og:image\" content=\"https:\/\/www.appartamenticostadelsole.com\/wp-content\/uploads\/appartamento_timo_09-300x200.jpg\" \/>\n<meta name=\"twitter:card\" content=\"summary_large_image\" \/>\n<script type=\"application\/ld+json\" class=\"yoast-schema-graph\">{\"@context\":\"https:\\\/\\\/schema.org\",\"@graph\":[{\"@type\":\"WebPage\",\"@id\":\"https:\\\/\\\/www.appartamenticostadelsole.com\\\/de\\\/wohnungen-in-seccheto\\\/wohnung-timo\\\/\",\"url\":\"https:\\\/\\\/www.appartamenticostadelsole.com\\\/de\\\/wohnungen-in-seccheto\\\/wohnung-timo\\\/\",\"name\":\"Wohnung Timo - Ferienwohnungen Costa del Sole, Insel Elba\",\"isPartOf\":{\"@id\":\"https:\\\/\\\/www.appartamenticostadelsole.com\\\/de\\\/#website\"},\"primaryImageOfPage\":{\"@id\":\"https:\\\/\\\/www.appartamenticostadelsole.com\\\/de\\\/wohnungen-in-seccheto\\\/wohnung-timo\\\/#primaryimage\"},\"image\":{\"@id\":\"https:\\\/\\\/www.appartamenticostadelsole.com\\\/de\\\/wohnungen-in-seccheto\\\/wohnung-timo\\\/#primaryimage\"},\"thumbnailUrl\":\"https:\\\/\\\/www.appartamenticostadelsole.com\\\/wp-content\\\/uploads\\\/appartamento_timo_09-300x200.jpg\",\"datePublished\":\"2024-01-30T11:24:43+00:00\",\"dateModified\":\"2024-05-08T13:55:45+00:00\",\"breadcrumb\":{\"@id\":\"https:\\\/\\\/www.appartamenticostadelsole.com\\\/de\\\/wohnungen-in-seccheto\\\/wohnung-timo\\\/#breadcrumb\"},\"inLanguage\":\"de\",\"potentialAction\":[{\"@type\":\"ReadAction\",\"target\":[\"https:\\\/\\\/www.appartamenticostadelsole.com\\\/de\\\/wohnungen-in-seccheto\\\/wohnung-timo\\\/\"]}]},{\"@type\":\"ImageObject\",\"inLanguage\":\"de\",\"@id\":\"https:\\\/\\\/www.appartamenticostadelsole.com\\\/de\\\/wohnungen-in-seccheto\\\/wohnung-timo\\\/#primaryimage\",\"url\":\"https:\\\/\\\/www.appartamenticostadelsole.com\\\/wp-content\\\/uploads\\\/appartamento_timo_09-300x200.jpg\",\"contentUrl\":\"https:\\\/\\\/www.appartamenticostadelsole.com\\\/wp-content\\\/uploads\\\/appartamento_timo_09-300x200.jpg\"},{\"@type\":\"BreadcrumbList\",\"@id\":\"https:\\\/\\\/www.appartamenticostadelsole.com\\\/de\\\/wohnungen-in-seccheto\\\/wohnung-timo\\\/#breadcrumb\",\"itemListElement\":[{\"@type\":\"ListItem\",\"position\":1,\"name\":\"Home\",\"item\":\"https:\\\/\\\/www.appartamenticostadelsole.com\\\/de\\\/\"},{\"@type\":\"ListItem\",\"position\":2,\"name\":\"Wohnungen in Seccheto\",\"item\":\"https:\\\/\\\/www.appartamenticostadelsole.com\\\/de\\\/wohnungen-in-seccheto\\\/\"},{\"@type\":\"ListItem\",\"position\":3,\"name\":\"Wohnung Timo\"}]},{\"@type\":\"WebSite\",\"@id\":\"https:\\\/\\\/www.appartamenticostadelsole.com\\\/de\\\/#website\",\"url\":\"https:\\\/\\\/www.appartamenticostadelsole.com\\\/de\\\/\",\"name\":\"Appartamenti Costa del Sole\",\"description\":\"Insel Elba Ferienwohnungen\",\"potentialAction\":[{\"@type\":\"SearchAction\",\"target\":{\"@type\":\"EntryPoint\",\"urlTemplate\":\"https:\\\/\\\/www.appartamenticostadelsole.com\\\/de\\\/?s={search_term_string}\"},\"query-input\":{\"@type\":\"PropertyValueSpecification\",\"valueRequired\":true,\"valueName\":\"search_term_string\"}}],\"inLanguage\":\"de\"}]}<\/script>\n<!-- \/ Yoast SEO plugin. -->","yoast_head_json":{"title":"Wohnung Timo - Ferienwohnungen Costa del Sole, Insel Elba","robots":{"index":"index","follow":"follow","max-snippet":"max-snippet:-1","max-image-preview":"max-image-preview:large","max-video-preview":"max-video-preview:-1"},"canonical":"https:\/\/www.appartamenticostadelsole.com\/de\/wohnungen-in-seccheto\/wohnung-timo\/","og_locale":"de_DE","og_type":"article","og_title":"Wohnung Timo - Ferienwohnungen Costa del Sole, Insel Elba","og_description":"Wohnungen in Seccheto Wohnung Timo TIMO ist eine ger\u00e4umige Wohnung im ersten Stock, in der 5 Personen Platz haben. Sie besteht aus einem Wohnzimmer mit Schlafcouch, K\u00fcche mit einer kleinen Veranda, Schlafzimmer mit Doppelbett, Schlafzimmer mit zwei Einzelbetten, Abstellraum, Bad mit Dusche. Die Wohnung verf\u00fcgt \u00fcber eine panorama-Terrasse mit Tisch und St\u00fchlenund ein kleines Tor. [&hellip;]","og_url":"https:\/\/www.appartamenticostadelsole.com\/de\/wohnungen-in-seccheto\/wohnung-timo\/","og_site_name":"Ferienwohnungen Costa del Sole","article_modified_time":"2024-05-08T13:55:45+00:00","og_image":[{"url":"https:\/\/www.appartamenticostadelsole.com\/wp-content\/uploads\/appartamento_timo_09-300x200.jpg","type":"","width":"","height":""}],"twitter_card":"summary_large_image","schema":{"@context":"https:\/\/schema.org","@graph":[{"@type":"WebPage","@id":"https:\/\/www.appartamenticostadelsole.com\/de\/wohnungen-in-seccheto\/wohnung-timo\/","url":"https:\/\/www.appartamenticostadelsole.com\/de\/wohnungen-in-seccheto\/wohnung-timo\/","name":"Wohnung Timo - Ferienwohnungen Costa del Sole, Insel Elba","isPartOf":{"@id":"https:\/\/www.appartamenticostadelsole.com\/de\/#website"},"primaryImageOfPage":{"@id":"https:\/\/www.appartamenticostadelsole.com\/de\/wohnungen-in-seccheto\/wohnung-timo\/#primaryimage"},"image":{"@id":"https:\/\/www.appartamenticostadelsole.com\/de\/wohnungen-in-seccheto\/wohnung-timo\/#primaryimage"},"thumbnailUrl":"https:\/\/www.appartamenticostadelsole.com\/wp-content\/uploads\/appartamento_timo_09-300x200.jpg","datePublished":"2024-01-30T11:24:43+00:00","dateModified":"2024-05-08T13:55:45+00:00","breadcrumb":{"@id":"https:\/\/www.appartamenticostadelsole.com\/de\/wohnungen-in-seccheto\/wohnung-timo\/#breadcrumb"},"inLanguage":"de","potentialAction":[{"@type":"ReadAction","target":["https:\/\/www.appartamenticostadelsole.com\/de\/wohnungen-in-seccheto\/wohnung-timo\/"]}]},{"@type":"ImageObject","inLanguage":"de","@id":"https:\/\/www.appartamenticostadelsole.com\/de\/wohnungen-in-seccheto\/wohnung-timo\/#primaryimage","url":"https:\/\/www.appartamenticostadelsole.com\/wp-content\/uploads\/appartamento_timo_09-300x200.jpg","contentUrl":"https:\/\/www.appartamenticostadelsole.com\/wp-content\/uploads\/appartamento_timo_09-300x200.jpg"},{"@type":"BreadcrumbList","@id":"https:\/\/www.appartamenticostadelsole.com\/de\/wohnungen-in-seccheto\/wohnung-timo\/#breadcrumb","itemListElement":[{"@type":"ListItem","position":1,"name":"Home","item":"https:\/\/www.appartamenticostadelsole.com\/de\/"},{"@type":"ListItem","position":2,"name":"Wohnungen in Seccheto","item":"https:\/\/www.appartamenticostadelsole.com\/de\/wohnungen-in-seccheto\/"},{"@type":"ListItem","position":3,"name":"Wohnung Timo"}]},{"@type":"WebSite","@id":"https:\/\/www.appartamenticostadelsole.com\/de\/#website","url":"https:\/\/www.appartamenticostadelsole.com\/de\/","name":"Appartamenti Costa del Sole","description":"Insel Elba Ferienwohnungen","potentialAction":[{"@type":"SearchAction","target":{"@type":"EntryPoint","urlTemplate":"https:\/\/www.appartamenticostadelsole.com\/de\/?s={search_term_string}"},"query-input":{"@type":"PropertyValueSpecification","valueRequired":true,"valueName":"search_term_string"}}],"inLanguage":"de"}]}},"_links":{"self":[{"href":"https:\/\/www.appartamenticostadelsole.com\/de\/wp-json\/wp\/v2\/pages\/20001","targetHints":{"allow":["GET"]}}],"collection":[{"href":"https:\/\/www.appartamenticostadelsole.com\/de\/wp-json\/wp\/v2\/pages"}],"about":[{"href":"https:\/\/www.appartamenticostadelsole.com\/de\/wp-json\/wp\/v2\/types\/page"}],"author":[{"embeddable":true,"href":"https:\/\/www.appartamenticostadelsole.com\/de\/wp-json\/wp\/v2\/users\/1"}],"replies":[{"embeddable":true,"href":"https:\/\/www.appartamenticostadelsole.com\/de\/wp-json\/wp\/v2\/comments?post=20001"}],"version-history":[{"count":17,"href":"https:\/\/www.appartamenticostadelsole.com\/de\/wp-json\/wp\/v2\/pages\/20001\/revisions"}],"predecessor-version":[{"id":21474,"href":"https:\/\/www.appartamenticostadelsole.com\/de\/wp-json\/wp\/v2\/pages\/20001\/revisions\/21474"}],"up":[{"embeddable":true,"href":"https:\/\/www.appartamenticostadelsole.com\/de\/wp-json\/wp\/v2\/pages\/19994"}],"wp:attachment":[{"href":"https:\/\/www.appartamenticostadelsole.com\/de\/wp-json\/wp\/v2\/media?parent=20001"}],"curies":[{"name":"wp","href":"https:\/\/api.w.org\/{rel}","templated":true}]}}